{"id":50,"date":"2014-03-16T13:33:12","date_gmt":"2014-03-16T11:33:12","guid":{"rendered":"http:\/\/www.fahrschulebehla.bplaced.net\/wordpress\/?page_id=50"},"modified":"2018-09-21T12:51:00","modified_gmt":"2018-09-21T10:51:00","slug":"lkw","status":"publish","type":"page","link":"http:\/\/fahrschulebehla.bplaced.net\/wordpress\/fuehrerscheinklassen\/lkw\/","title":{"rendered":"LKW"},"content":{"rendered":"<h2 style=\"padding-left: 30px;\"><span style=\"color: #000000; font-family: Calibri;\"><span style=\"color: #008000;\">C1 *<\/span> \u00a0\u00a0\u00a0 Kleiner LKW<\/span><\/h2>\n<p style=\"padding-left: 30px;\"><span style=\"color: #000000; font-family: Calibri;\">\u00a0<\/span><\/p>\n<p style=\"padding-left: 30px;\"><span style=\"color: #000000; font-family: Calibri;\">Kraftfahrzeug mit mehr als 3,5 t, aber nicht mehr als 7,5 t zul\u00e4ssiger Gesamtmasse, auch mit Anh\u00e4nger bis 750 kg zul\u00e4ssiger Gesamtmasse. <\/span><\/p>\n<p style=\"padding-left: 30px;\"><span style=\"color: #000000; font-family: Calibri;\">\u00a0<\/span><\/p>\n<p style=\"padding-left: 30px;\"><span style=\"color: #ff0000; font-family: Calibri;\">Vorbesitz F\u00fchrerscheinklasse B notwendig!<\/span><\/p>\n<p style=\"padding-left: 30px;\"><span style=\"color: #000000; font-family: Calibri;\">\u00a0<\/span><\/p>\n<p style=\"padding-left: 30px;\"><span style=\"font-family: Calibri;\"><span style=\"color: #000000;\"><b><span style=\"text-decoration: underline;\">Mindestalter:<\/span><\/b> \u00a0\u00a0\u00a0\u00a0\u00a0\u00a0\u00a0\u00a0\u00a0\u00a0\u00a0 18 Jahre. Wenn die zul\u00e4ssige Gesamtmasse des Kraftfahrzeuges oder Zuges mehr als\u00a07,5t betr\u00e4gt, ist f\u00fcr F\u00fchrer im gewerblichen G\u00fcterverkehr das Mindestalter 21 Jahre oder 18 Jahre, wenn der Nachweis \u00fcber den Erwerb der jeweils ma\u00dfgeblichen Grundqualifikation oder beschleunigten Grundqualifikation nach dem Berufskraftfahrer Qualifikationsgesetz mitgef\u00fchrt wird. <\/span><\/span><\/p>\n<p style=\"padding-left: 30px;\"><span style=\"color: #000000; font-family: Calibri;\">\u00a0<\/span><\/p>\n<p style=\"padding-left: 30px;\"><span style=\"color: #000000; font-family: Calibri;\">\u00a0<\/span><\/p>\n<h2 style=\"padding-left: 30px;\"><span style=\"color: #000000; font-family: Calibri;\"><span style=\"color: #008000;\">C1E *<\/span> \u00a0 Kleiner LKW mit Anh\u00e4nger<\/span><\/h2>\n<p style=\"padding-left: 30px;\"><span style=\"color: #000000; font-family: Calibri;\">\u00a0<\/span><\/p>\n<p style=\"padding-left: 30px;\"><span style=\"color: #000000; font-family: Calibri;\">Kombination aus Fahrerlaubnis-Klasse C1 und Anh\u00e4nger (max. 12.000 kg zul\u00e4ssiger Gesamtmasse).<\/span><\/p>\n<p style=\"padding-left: 30px;\"><span style=\"font-family: Calibri;\"><span style=\"color: #000000;\">\u00a0Kraftfahrzeuge \u00fcber 3,5 t zul\u00e4ssiger Gesamtmasse bis 7,5 t zul\u00e4ssiger Gesamtmasse und Anh\u00e4nger \u00fcber 750 kg zul\u00e4ssiger Gesamtmasse. Die Gesamtmasse des Anh\u00e4ngers darf nicht gr\u00f6\u00dfer sein als die Leermasse des Zugfahrzeugs und die Summe der beiden zul\u00e4ssigen Gesamtmassen nicht gr\u00f6\u00dfer als 12 t. <\/span><\/span><\/p>\n<p style=\"padding-left: 30px;\"><span style=\"color: #000000; font-family: Calibri;\">\u00a0<\/span><\/p>\n<p style=\"padding-left: 30px;\"><span style=\"color: #ff0000; font-family: Calibri;\">Vorbesitz F\u00fchrerscheinklasse C1 notwendig!<\/span><\/p>\n<p style=\"padding-left: 30px;\"><span style=\"color: #000000; font-family: Calibri;\">\u00a0<\/span><\/p>\n<p style=\"padding-left: 30px;\"><span style=\"font-family: Calibri;\"><span style=\"color: #000000;\"><b><span style=\"text-decoration: underline;\">Eingeschlossene Klassen:<\/span><\/b> \u00a0\u00a0\u00a0 BE, bei Besitz von D1: D1E<\/span><\/span><\/p>\n<p style=\"padding-left: 30px;\"><span style=\"font-family: Calibri;\"><span style=\"color: #000000;\"><b><span style=\"text-decoration: underline;\">Mindestalter:<\/span><\/b> \u00a0\u00a0\u00a0\u00a0\u00a0\u00a0\u00a0\u00a0\u00a0\u00a0\u00a0\u00a0\u00a0\u00a0\u00a0\u00a0\u00a0\u00a0\u00a0\u00a0\u00a0\u00a0 18 Jahre. Wenn die zul\u00e4ssige Gesamtmasse des Kraftfahrzeuges oder Zuges mehr als 7,5 t betr\u00e4gt, ist f\u00fcr F\u00fchrer im gewerblichen G\u00fcterverkehr das Mindestalter 21 Jahre oder 18 Jahre, wenn der Nachweis \u00fcber den Erwerb der jeweils ma\u00dfgeblichen Grundqualifikation oder beschleunigten Grundqualifikation nach dem Berufskraftfahrer Qualifikationsgesetz mitgef\u00fchrt wird. <\/span><\/span><\/p>\n<p style=\"padding-left: 30px;\"><b><span style=\"color: #000000; font-family: Calibri;\">\u00a0<\/span><\/b><\/p>\n<p style=\"padding-left: 30px;\"><b><span style=\"color: #000000; font-family: Calibri;\">\u00a0<\/span><\/b><\/p>\n<h2 style=\"padding-left: 30px;\"><span style=\"color: #000000; font-family: Calibri;\"><span style=\"color: #008000;\">C *<\/span> \u00a0\u00a0\u00a0\u00a0\u00a0 LKW<\/span><\/h2>\n<p style=\"padding-left: 30px;\"><span style=\"color: #000000; font-family: Calibri;\">\u00a0<\/span><\/p>\n<p style=\"padding-left: 30px;\"><span style=\"color: #000000; font-family: Calibri;\">Kraftfahrzeuge \u00fcber 3,5 t zul\u00e4ssiger Gesamtmasse (nach oben keine Beschr\u00e4nkung) auch mit Anh\u00e4nger bis 750 kg zul\u00e4ssiger Gesamtmasse. <\/span><\/p>\n<p style=\"padding-left: 30px;\"><span style=\"color: #000000; font-family: Calibri;\">\u00a0<\/span><\/p>\n<p style=\"padding-left: 30px;\"><span style=\"color: #ff0000; font-family: Calibri;\">Vorbesitz F\u00fchrerscheinklasse B notwendig!<\/span><\/p>\n<p style=\"padding-left: 30px;\"><span style=\"color: #000000; font-family: Calibri;\">\u00a0<\/span><\/p>\n<p style=\"padding-left: 30px;\"><span style=\"font-family: Calibri;\"><span style=\"color: #000000;\"><b><span style=\"text-decoration: underline;\">Eingeschlossene Klasse:<\/span><\/b> \u00a0\u00a0\u00a0\u00a0\u00a0\u00a0 C1<\/span><\/span><\/p>\n<p style=\"padding-left: 30px;\"><span style=\"font-family: Calibri;\"><span style=\"color: #000000;\"><b><span style=\"text-decoration: underline;\">Mindestalter:<\/span><\/b> \u00a0\u00a0\u00a0\u00a0\u00a0\u00a0\u00a0\u00a0\u00a0\u00a0\u00a0\u00a0\u00a0\u00a0\u00a0\u00a0\u00a0\u00a0\u00a0\u00a0\u00a0\u00a0 18 Jahre. Wenn die zul\u00e4ssige Gesamtmasse des Kraftfahrzeuges oder Zuges mehr als 7,5 t betr\u00e4gt, ist f\u00fcr F\u00fchrer im gewerblichen G\u00fcterverkehr das Mindestalter 21 Jahre, oder 18 Jahre, wenn der Nachweis \u00fcber den Erwerb der jeweils ma\u00dfgeblichen Grundqualifikation nach Berufskraftfahrer-Qualifikationsgesetz mitgef\u00fchrt wird. <\/span><\/span><\/p>\n<p style=\"padding-left: 30px;\"><span style=\"color: #000000; font-family: Calibri;\">\u00a0<\/span><\/p>\n<p style=\"padding-left: 30px;\"><span style=\"color: #000000; font-family: Calibri;\">\u00a0<\/span><\/p>\n<h2 style=\"padding-left: 30px;\"><span style=\"color: #000000; font-family: Calibri;\"><span style=\"color: #008000;\">CE *<\/span> \u00a0\u00a0\u00a0 LKW mit Anh\u00e4nger (Lastz\u00fcge und Sattelz\u00fcge)<\/span><\/h2>\n<p style=\"padding-left: 30px;\"><span style=\"color: #000000; font-family: Calibri;\">\u00a0<\/span><\/p>\n<p style=\"padding-left: 30px;\"><span style=\"font-family: Calibri;\"><span style=\"color: #000000;\">\u00a0Kraftfahrzeuge \u00fcber 3,5 t zul\u00e4ssiger Gesamtmasse (nach oben keine Beschr\u00e4nkung) und Anh\u00e4nger \u00fcber 750 kg zul\u00e4ssiger Gesamtmasse. <\/span><\/span><\/p>\n<p style=\"padding-left: 30px;\"><span style=\"color: #000000; font-family: Calibri;\">\u00a0<\/span><\/p>\n<p style=\"padding-left: 30px;\"><span style=\"color: #ff0000; font-family: Calibri;\">Vorbesitz F\u00fchrerscheinklasse C notwendig!<\/span><\/p>\n<p style=\"padding-left: 30px;\"><span style=\"color: #000000; font-family: Calibri;\">\u00a0<\/span><\/p>\n<p style=\"padding-left: 30px;\"><span style=\"font-family: Calibri;\"><span style=\"color: #000000;\"><b><span style=\"text-decoration: underline;\">Eingeschlossene Klassen:<\/span><\/b> \u00a0\u00a0\u00a0 C1E, BE, T, bei Besitz von D1: D1E, bei Besitz von D: DE<\/span><\/span><\/p>\n<p style=\"padding-left: 30px;\"><span style=\"font-family: Calibri;\"><span style=\"color: #000000;\"><b><span style=\"text-decoration: underline;\">Mindestalter:<\/span><\/b> \u00a0\u00a0\u00a0\u00a0\u00a0\u00a0\u00a0\u00a0\u00a0\u00a0\u00a0\u00a0\u00a0\u00a0\u00a0\u00a0\u00a0\u00a0\u00a0\u00a0\u00a0\u00a0 18 Jahre. Wenn die zul\u00e4ssige Gesamtmasse des Kraftfahrzeuges oder Zuges mehr als 7,5 t betr\u00e4gt, ist f\u00fcr F\u00fchrer im gewerblichen G\u00fcterverkehr das Mindestalter 21 Jahre oder 18 Jahre, wenn der Nachweis \u00fcber den Erwerb der jeweils ma\u00dfgeblichen Grundqualifikation nach dem Berufskraftfahrer Qualifikationsgesetz mitgef\u00fchrt wird. <\/span><\/span><\/p>\n<p style=\"padding-left: 30px;\">\n<p style=\"padding-left: 30px;\"><strong><span style=\"color: #ff0000;\">* Bei gewerblicher G\u00fcter- oder Personenbef\u00f6rderung ist in der Regel zus\u00e4tzlich zum F\u00fchrerschein der Nachweis einer Grundqualifikation im Sinne des BKrFQG erforderlich.<\/span><\/strong><\/p>\n<p>&nbsp;<\/p>\n<p>&nbsp;<\/p>\n<p>&nbsp;<\/p>\n","protected":false},"excerpt":{"rendered":"<p>C1 * \u00a0\u00a0\u00a0 Kleiner LKW \u00a0 Kraftfahrzeug mit mehr als 3,5 t, aber nicht mehr als 7,5 t zul\u00e4ssiger Gesamtmasse, auch mit Anh\u00e4nger bis 750 kg zul\u00e4ssiger Gesamtmasse. \u00a0 Vorbesitz F\u00fchrerscheinklasse B notwendig! \u00a0 Mindestalter: \u00a0\u00a0\u00a0\u00a0\u00a0\u00a0\u00a0\u00a0\u00a0\u00a0\u00a0 18 Jahre. Wenn die zul\u00e4ssige Gesamtmasse des Kraftfahrzeuges oder Zuges mehr als\u00a07,5t betr\u00e4gt, ist f\u00fcr F\u00fchrer im gewerblichen G\u00fcterverkehr &hellip; <a href=\"http:\/\/fahrschulebehla.bplaced.net\/wordpress\/fuehrerscheinklassen\/lkw\/\" class=\"more-link\">Continue reading<span class=\"screen-reader-text\"> &#8220;LKW&#8221;<\/span><\/a><\/p>\n","protected":false},"author":1,"featured_media":0,"parent":31,"menu_order":2,"comment_status":"closed","ping_status":"closed","template":"","meta":{"footnotes":""},"class_list":["post-50","page","type-page","status-publish","hentry"],"_links":{"self":[{"href":"http:\/\/fahrschulebehla.bplaced.net\/wordpress\/wp-json\/wp\/v2\/pages\/50","targetHints":{"allow":["GET"]}}],"collection":[{"href":"http:\/\/fahrschulebehla.bplaced.net\/wordpress\/wp-json\/wp\/v2\/pages"}],"about":[{"href":"http:\/\/fahrschulebehla.bplaced.net\/wordpress\/wp-json\/wp\/v2\/types\/page"}],"author":[{"embeddable":true,"href":"http:\/\/fahrschulebehla.bplaced.net\/wordpress\/wp-json\/wp\/v2\/users\/1"}],"replies":[{"embeddable":true,"href":"http:\/\/fahrschulebehla.bplaced.net\/wordpress\/wp-json\/wp\/v2\/comments?post=50"}],"version-history":[{"count":7,"href":"http:\/\/fahrschulebehla.bplaced.net\/wordpress\/wp-json\/wp\/v2\/pages\/50\/revisions"}],"predecessor-version":[{"id":84,"href":"http:\/\/fahrschulebehla.bplaced.net\/wordpress\/wp-json\/wp\/v2\/pages\/50\/revisions\/84"}],"up":[{"embeddable":true,"href":"http:\/\/fahrschulebehla.bplaced.net\/wordpress\/wp-json\/wp\/v2\/pages\/31"}],"wp:attachment":[{"href":"http:\/\/fahrschulebehla.bplaced.net\/wordpress\/wp-json\/wp\/v2\/media?parent=50"}],"curies":[{"name":"wp","href":"https:\/\/api.w.org\/{rel}","templated":true}]}}