{"id":2,"date":"2014-03-09T11:36:38","date_gmt":"2014-03-09T11:36:38","guid":{"rendered":"http:\/\/www.fahrschulebehla.bplaced.net\/wordpress\/?page_id=2"},"modified":"2026-03-08T15:11:47","modified_gmt":"2026-03-08T14:11:47","slug":"startseite","status":"publish","type":"page","link":"http:\/\/fahrschulebehla.bplaced.net\/wordpress\/","title":{"rendered":"Startseite"},"content":{"rendered":"<h1 style=\"text-align: center;\"><a href=\"http:\/\/fahrschulebehla.bplaced.net\/wordpress\/wp-content\/uploads\/2014\/03\/IMG_46434.jpg\"><img loading=\"lazy\" decoding=\"async\" class=\"aligncenter size-large wp-image-611\" src=\"http:\/\/fahrschulebehla.bplaced.net\/wordpress\/wp-content\/uploads\/2014\/03\/IMG_46434-1024x309.jpg\" alt=\"IMG_46434\" width=\"1024\" height=\"309\" srcset=\"http:\/\/fahrschulebehla.bplaced.net\/wordpress\/wp-content\/uploads\/2014\/03\/IMG_46434-1024x309.jpg 1024w, http:\/\/fahrschulebehla.bplaced.net\/wordpress\/wp-content\/uploads\/2014\/03\/IMG_46434-300x90.jpg 300w\" sizes=\"auto, (max-width: 709px) 85vw, (max-width: 909px) 67vw, (max-width: 1362px) 62vw, 840px\" \/><\/a><a href=\"http:\/\/fahrschulebehla.bplaced.net\/wordpress\/wp-content\/uploads\/2014\/03\/IMG_46433.jpg\"><br \/>\n<\/a><\/h1>\n<h1 style=\"text-align: center;\"><strong><span style=\"color: #008000;\">Das Team der Fahrschule Behla <\/span><\/strong><\/h1>\n<h1 style=\"text-align: center;\"><strong><span style=\"color: #008000;\">hei\u00dft dich recht herzlich Willkommen<\/span><\/strong><\/h1>\n<p><strong>\u00a0<\/strong><\/p>\n<h2 style=\"text-align: center;\"><strong style=\"color: #008000; font-size: 1.5em;\">\u00a0 \u00a0 \u00a0<\/strong><span style=\"color: #000000;\">Sch\u00f6n, dass du den Weg zu uns gefunden hast.<\/span><\/h2>\n<h2><\/h2>\n<p>&nbsp;<\/p>\n<h2 style=\"text-align: center;\"><span style=\"color: #000000;\"><strong>Du gehst noch zu Fu\u00df oder f\u00e4hrst bei Wind und Wetter mit dem Fahrrad ?<\/strong><\/span><\/h2>\n<h3><strong>\u00a0<span style=\"color: #000000;\">\u00a0<\/span><\/strong><\/h3>\n<h2 style=\"text-align: center;\"><span style=\"color: #008000;\">Das k\u00f6nnen wir \u00e4ndern.<\/span><\/h2>\n<p>&nbsp;<\/p>\n<h2 style=\"text-align: center;\"><span style=\"color: #000000;\"><a href=\"https:\/\/fs0783.fso360-svc.de\">Hier geht es direkt zur Online Anmeldung<\/a> <\/span><\/h2>\n<h2 style=\"text-align: center;\"><span style=\"color: #000000;\">oder scanne den QR Code<\/span><\/h2>\n<h2 style=\"text-align: center;\"><span style=\"color: #008000;\"><a href=\"http:\/\/fahrschulebehla.bplaced.net\/wordpress\/wp-content\/uploads\/2014\/03\/QR-Code-Online-Anmeldung-FSO360.jpg\"><img loading=\"lazy\" decoding=\"async\" class=\"aligncenter  wp-image-690\" src=\"http:\/\/fahrschulebehla.bplaced.net\/wordpress\/wp-content\/uploads\/2014\/03\/QR-Code-Online-Anmeldung-FSO360-150x150.jpg\" alt=\"QR Code Online Anmeldung FSO360\" width=\"150\" height=\"150\" srcset=\"http:\/\/fahrschulebehla.bplaced.net\/wordpress\/wp-content\/uploads\/2014\/03\/QR-Code-Online-Anmeldung-FSO360-150x150.jpg 150w, http:\/\/fahrschulebehla.bplaced.net\/wordpress\/wp-content\/uploads\/2014\/03\/QR-Code-Online-Anmeldung-FSO360-300x298.jpg 300w, http:\/\/fahrschulebehla.bplaced.net\/wordpress\/wp-content\/uploads\/2014\/03\/QR-Code-Online-Anmeldung-FSO360.jpg 478w\" sizes=\"auto, (max-width: 150px) 85vw, 150px\" \/><\/a><\/span><\/h2>\n<h2 style=\"text-align: center;\"><\/h2>\n<p>&nbsp;<\/p>\n<h2 style=\"text-align: center;\"><span style=\"color: #000000;\">Gemeinsam absolvieren wir die erforderlichen Theorie- und Praxis-Stunden um die anstehenden Pr\u00fcfungen bestehen zu k\u00f6nnen.<\/span><\/h2>\n<p>&nbsp;<\/p>\n<h2 style=\"text-align: center;\"><span style=\"color: #000000;\">Also&#8230;,komm vorbei und lass es uns angehen !!!<\/span><\/h2>\n<h2 style=\"text-align: center;\"><span style=\"color: #000000;\">Ist dies von dir gemeistert, bist du gl\u00fccklicher Besitzer eines F\u00fchrerscheins!<\/span><\/h2>\n<h2 style=\"text-align: center;\"><\/h2>\n<h2 style=\"text-align: center;\"><span style=\"color: #000000;\">F\u00fcr Fragen stehen wir gern zur Verf\u00fcgung, denn unser Motto lautet:<\/span><\/h2>\n<h2 style=\"text-align: center;\"><\/h2>\n<h2 style=\"text-align: center;\"><span style=\"color: #000000;\"><b><i>\u201eEine gr\u00fcndliche Ausbildung ist der sichere und schnelle Weg zum F\u00fchrerschein!\u201c<\/i><\/b><\/span><\/h2>\n<h2 style=\"text-align: center;\"><img loading=\"lazy\" decoding=\"async\" class=\"aligncenter size-full wp-image-566\" src=\"http:\/\/fahrschulebehla.bplaced.net\/wordpress\/wp-content\/uploads\/2014\/03\/J\u00f6rg-Samsung-01.12.2020-1453.jpg\" alt=\"J\u00f6rg Samsung 01.12.2020 1453\" width=\"500\" height=\"400\" srcset=\"http:\/\/fahrschulebehla.bplaced.net\/wordpress\/wp-content\/uploads\/2014\/03\/J\u00f6rg-Samsung-01.12.2020-1453.jpg 500w, http:\/\/fahrschulebehla.bplaced.net\/wordpress\/wp-content\/uploads\/2014\/03\/J\u00f6rg-Samsung-01.12.2020-1453-300x240.jpg 300w\" sizes=\"auto, (max-width: 500px) 85vw, 500px\" \/><\/h2>\n<h2 style=\"text-align: center;\"><span style=\"color: #000000;\">Ruf uns an oder komm in unsere Sprechstunde.<\/span><\/h2>\n<p>&nbsp;<\/p>\n<address style=\"text-align: center; padding-left: 30px;\"><span style=\"text-decoration: underline;\"><strong>Forst<\/strong><\/span> <strong><span style=\"text-decoration: underline;\"><br \/>\n<\/span><\/strong><\/address>\n<address style=\"text-align: center; padding-left: 30px;\">Frankfurter Str. 32<\/address>\n<address style=\"text-align: center; padding-left: 30px;\">03149 Forst (Lausitz)<\/address>\n<address style=\"text-align: center; padding-left: 30px;\">(03562) 7112<\/address>\n<address style=\"text-align: center; padding-left: 30px;\">Di und Do 15:00 &#8211; 18:00 Uhr<\/address>\n<address style=\"text-align: center; padding-left: 30px;\">\u00a0<\/address>\n<address style=\"text-align: center; padding-left: 30px;\"><strong>D\u00f6bern<\/strong>\u00a0 \u00a0 \u00a0<\/address>\n<address style=\"text-align: center; padding-left: 30px;\">Feldstra\u00dfe 1<\/address>\n<address style=\"text-align: center; padding-left: 30px;\">03159 D\u00f6bern \u00a0 \u00a0\u00a0<\/address>\n<address style=\"text-align: center; padding-left: 30px;\">(035600) 6319<\/address>\n<address style=\"text-align: center; padding-left: 30px;\">Mo und Mi 16:00 &#8211; 18:00 Uhr<\/address>\n<address style=\"text-align: center; padding-left: 30px;\">\u00a0<\/address>\n<address style=\"text-align: center; padding-left: 30px;\">\u00a0sowie nach Vereinbarung sowie nach Vereinbarung<\/address>\n<address style=\"text-align: center; padding-left: 30px;\">\u00a0<\/address>\n<address style=\"text-align: center; padding-left: 30px;\">fahrschulebehla@web.de<\/address>\n<address style=\"text-align: center; padding-left: 30px;\">www. fahrschulebehla.de<\/address>\n<address style=\"text-align: center;\"><span style=\"color: #000000;\">\u00a0<\/span><\/address>\n<address style=\"text-align: center;\"><span style=\"color: #000000;\">\u00a0<\/span><\/address>\n<p>&nbsp;<\/p>\n","protected":false},"excerpt":{"rendered":"<p>Das Team der Fahrschule Behla hei\u00dft dich recht herzlich Willkommen \u00a0 \u00a0 \u00a0 \u00a0Sch\u00f6n, dass du den Weg zu uns gefunden hast. &nbsp; Du gehst noch zu Fu\u00df oder f\u00e4hrst bei Wind und Wetter mit dem Fahrrad ? \u00a0\u00a0 Das k\u00f6nnen wir \u00e4ndern. &nbsp; Hier geht es direkt zur Online Anmeldung oder scanne den QR &hellip; <a href=\"http:\/\/fahrschulebehla.bplaced.net\/wordpress\/\" class=\"more-link\">Continue reading<span class=\"screen-reader-text\"> &#8220;Startseite&#8221;<\/span><\/a><\/p>\n","protected":false},"author":1,"featured_media":0,"parent":0,"menu_order":0,"comment_status":"closed","ping_status":"open","template":"","meta":{"footnotes":""},"class_list":["post-2","page","type-page","status-publish","hentry"],"_links":{"self":[{"href":"http:\/\/fahrschulebehla.bplaced.net\/wordpress\/wp-json\/wp\/v2\/pages\/2","targetHints":{"allow":["GET"]}}],"collection":[{"href":"http:\/\/fahrschulebehla.bplaced.net\/wordpress\/wp-json\/wp\/v2\/pages"}],"about":[{"href":"http:\/\/fahrschulebehla.bplaced.net\/wordpress\/wp-json\/wp\/v2\/types\/page"}],"author":[{"embeddable":true,"href":"http:\/\/fahrschulebehla.bplaced.net\/wordpress\/wp-json\/wp\/v2\/users\/1"}],"replies":[{"embeddable":true,"href":"http:\/\/fahrschulebehla.bplaced.net\/wordpress\/wp-json\/wp\/v2\/comments?post=2"}],"version-history":[{"count":112,"href":"http:\/\/fahrschulebehla.bplaced.net\/wordpress\/wp-json\/wp\/v2\/pages\/2\/revisions"}],"predecessor-version":[{"id":1032,"href":"http:\/\/fahrschulebehla.bplaced.net\/wordpress\/wp-json\/wp\/v2\/pages\/2\/revisions\/1032"}],"wp:attachment":[{"href":"http:\/\/fahrschulebehla.bplaced.net\/wordpress\/wp-json\/wp\/v2\/media?parent=2"}],"curies":[{"name":"wp","href":"https:\/\/api.w.org\/{rel}","templated":true}]}}